{"id":9,"date":"2013-01-03T23:56:35","date_gmt":"2013-01-03T23:56:35","guid":{"rendered":"https:\/\/www.frutadovale.com.br\/2013\/?page_id=9"},"modified":"2013-02-25T19:51:55","modified_gmt":"2013-02-25T22:51:55","slug":"feiras","status":"publish","type":"page","link":"https:\/\/www.frutadovale.com.br\/2013\/feiras\/","title":{"rendered":"Feiras"},"content":{"rendered":"<h1 class=\"dia-da-semana\">SEGUNDA-FEIRA<\/h1>\n<p>Setor Fama<br \/>\nRua 27,qds.10 e 11 ,esq.c\/ Rua 3<br \/>\nDiurna<\/p>\n<h1 class=\"dia-da-semana\">TER\u00c7A-FEIRA<\/h1>\n<p>Bela Vista<br \/>\nAv.Bela Vista ,em frente \u00e1 Qd.I<br \/>\nNoturna<\/p>\n<p>Castelo Branco<br \/>\nRua 55,entre Qds.10 e 13<br \/>\nDiurna<\/p>\n<p>Cepal Vila Abaj\u00e1<br \/>\nRua Benjamim Constant ,esq.c \/R.5 e Marginal Sul<br \/>\nDiurna<\/p>\n<p>Conjunto Riviera<br \/>\nAv.da Liberdade com rua 14<br \/>\nDiurna<\/p>\n<p>Dom Bosco<br \/>\nRua 29 ,esq.c\/R. 1 e R.4,Setor Oeste.<br \/>\nDiurna<\/p>\n<p>Goi\u00e2nia II<br \/>\nAv.Frei Nazareno Confaloni ,entre Qds.26 e 30<br \/>\nNoturna<br \/>\nJardim Primavera<br \/>\nAv.Comercial<br \/>\nNoturna<\/p>\n<p>Nova Sui\u00e7a<br \/>\nAv. T-13 com rua T-5 e T-38<br \/>\nNoturna<\/p>\n<p>Parque Anhanguera III<br \/>\nRua Riachuelo com Get\u00falio Vargas<br \/>\nNoturna<\/p>\n<p>Parque Oeste Industrial<br \/>\nRua Egerineu Teixeira ,entre R. Petr\u00f3leo e R. Amianto ,Qd.148<br \/>\nNoturna<\/p>\n<p>Parque Tremend\u00e3o<br \/>\nRua I,Qd.141<br \/>\nNoturna<\/p>\n<p>Santos Dumont<br \/>\nAv. Efraim de Morais<br \/>\nNoturna<\/p>\n<p>Vila Lucy<br \/>\nAv . B ,entre Av. Arax\u00e1 e Av. A<br \/>\nNoturna<\/p>\n<p>Jardim Liberdade<br \/>\nAv. Da Divisa<br \/>\nNoturna<\/p>\n<h1 class=\"dia-da-semana\">QUARTA-FEIRA<\/h1>\n<p>Bairro Goi\u00e1<br \/>\nAv.Felipe Camar\u00e3o ,qds.38e 39<br \/>\nDiurna<\/p>\n<p>Conjunto Vera Cruz II<br \/>\nAv. Gerecina Borges Teixeira ,etapa II,qds.C-148 e C-149<br \/>\nDiurna<\/p>\n<p>Cond. Das Esmeraldas<br \/>\nQd.21entre ruas 17,32 e 15<br \/>\nNoturna<br \/>\nCrim\u00e9ia Oeste<br \/>\nRua Jo\u00e3o Alves de Castro,qd.20 ,Pra\u00e7a Dom Prud\u00eancio<br \/>\nDiurna<\/p>\n<p>Jardim Mariliza<br \/>\nAv. Arist\u00f3teles<br \/>\nNoturna<\/p>\n<p>Jardim Novo Mundo<br \/>\nRua Est\u00e1dio Calif\u00f3rnia,qd.136<br \/>\nDiurna<\/p>\n<p>Jardim Nova Esperan\u00e7a<br \/>\nRua S\u00e3o Geraldo ,entre qds.136 e 150<br \/>\nNoturna<\/p>\n<p>Parque Amazonas<br \/>\nPra\u00e7a Jos\u00e9 Rodrigues de Morais filho ,qds.197 e 198<br \/>\nDiurna<\/p>\n<p>Parque Industrial Jo\u00e3o Braz<br \/>\nAvenida Brasil<br \/>\nNoturna<\/p>\n<p>Recanto dos Bosque<br \/>\nAv. Goi\u00e1s com Tropical<br \/>\nNoturno<\/p>\n<p>Setor Coimbra<br \/>\nAv. Perimetral ,entre T-1 e T-6<br \/>\nDiurna<\/p>\n<p>Setor Pedro Ludovico<br \/>\nRua Couto Magalh\u00e3es<br \/>\nNoturna<\/p>\n<p>Urias Magalh\u00e3es<br \/>\nRua Rond\u00f4nia ,Lt.08,qd.D at\u00e9 qd.12<br \/>\nNoturna<\/p>\n<p>V.das Legion\u00e1rias<br \/>\nAlameda Contorno<br \/>\nNoturna<\/p>\n<p>Vila Cana\u00e3<br \/>\nAv. Aderup ,c\/Av. Nendemeyer, entre qds.217 e 221.<br \/>\nDiurna<\/p>\n<p>Vila Nova<br \/>\nD\u00e9cima avenida,entre qds.46 e 66<br \/>\nDiurna<\/p>\n<p>Cepal Setor Sul<br \/>\nRua 115 esquina com Av. Fued Jos\u00e9 Sebba<br \/>\nDiurna<\/p>\n<p>Vila S\u00e3o Paulo<br \/>\nAv.S\u00e3o Clemente<br \/>\nDiurna<\/p>\n<h1 class=\"dia-da-semana\">QUINTA-FEIRA<\/h1>\n<p>Bairro Capuava<br \/>\nRua Tomaz Gonzaga .entre qds.20 e 26<br \/>\nDiurna<\/p>\n<p>Balne\u00e1rio Meia Ponte<br \/>\nAv. Ormazena Neves Machado ,entre qds.70 e 75<br \/>\nNoturna<\/p>\n<p>Cidade Jardim<br \/>\nRua dos Ferrovi\u00e1rios com rua Santarrona, qd.II ,Lt.16<br \/>\nNoturna<\/p>\n<p>Conjunto Monte Carlo<br \/>\nRua MC-6 ,qds.5 a 7<br \/>\nNoturna<\/p>\n<p>Conjunto Vera Cruz<br \/>\nAv .Gercina Borges Teixeira c\/R.Heli\u00e9zer,qds.C-16 e C-17<br \/>\nDiurna<\/p>\n<p>Conjunto Vila Bela<br \/>\nRua Jequitib\u00e1 ,frente \u00e1 Av. Flemington<br \/>\nNoturna<\/p>\n<p>Jardim Curitiba I<br \/>\nPra\u00e7a do CAIC<br \/>\nNoturna<\/p>\n<p>Jardim Novo Mundo<br \/>\nRua Maldonado,qds.229 a 231<br \/>\nNoturna<\/p>\n<p>Jardim Planalto<br \/>\nAv. Marco Polo ,entre qds.41 e 51<br \/>\nDiurna<\/p>\n<p>Modelo<br \/>\nRua 68 c\/ rua 77 ,qd.144 ,setor central<br \/>\nNoturna<\/p>\n<p>Santa Genoveva<br \/>\nAv. Das Ind\u00fastrias<br \/>\nNoturna<\/p>\n<p>Setor Aeroporto<br \/>\nRua11-A ,entre qds.15 \u2013A e 22-A<br \/>\nDiurna<\/p>\n<p>Setor Centro Oeste<br \/>\nRua 510 com rua P-25<br \/>\nDiurna<\/p>\n<p>Setor Universit\u00e1rio<br \/>\nRua Uberaba com rua 307,entre qds.1 e 116<br \/>\nDiurna<\/p>\n<p>St.Negr\u00e3o de Lima<br \/>\nRua Comendador Negr\u00e3o de Lima<br \/>\nNoturna<\/p>\n<p>Cepal Jardim Am\u00e9rica<br \/>\nPra\u00e7a C-108 entre as ruas C-105,115 e C-01<br \/>\nDiurna<\/p>\n<h1 class=\"dia-da-semana\">SEXTA- FEIRA<\/h1>\n<p>Bairro Feliz<br \/>\nRua 810 c\/rua 823 ,entre qds.937 e 939<br \/>\nDiurna<\/p>\n<p>Bairro S\u00e3o Carlos<br \/>\nAv. Comercial ,qd.15<br \/>\nNoturna<\/p>\n<p>Ch\u00e1cara do Governador<br \/>\nRua DF-2 ,entre qds.DF-17 e DF-20<br \/>\nNoturna<\/p>\n<p>Crim\u00e9ia Leste<br \/>\nAv.Couto Magalh\u00e3es ,qd.G,com qd.L<br \/>\nDiurna<\/p>\n<p>Dom Bosco<br \/>\nRua 29 ,esq.com R.1 e R.4,setor oeste<br \/>\nDiurna<\/p>\n<p>Goi\u00e2nia Viva<br \/>\nRua Gv-10 c\/GV-09<br \/>\nNoturna<\/p>\n<p>Jardim Novo Mundo<br \/>\nRua Landriana c\/Av.Uruguaina<br \/>\nNoturna<\/p>\n<p>Morada do Sol<br \/>\nPra\u00e7a antares<br \/>\nNoturna<\/p>\n<p>Jardim Presidente<br \/>\nRua Presidente Lincoln ,qd.51<br \/>\nNoturna<\/p>\n<p>Jardim Dom Fernando I<br \/>\nAv.27 de janeiro ,qds.12,14 e 15<br \/>\nNoturna<\/p>\n<p>Jardim Guanabara II<br \/>\nAv.GB-5 ,entre GB-7 e GB-3<br \/>\nNoturna<\/p>\n<p>Rua Ipameri<br \/>\nRua Ipameri ,entre qds.109 e 133<br \/>\nDiurna<\/p>\n<p>Setor Fai\u00e7alville<br \/>\nRua F-21 c\/Ismerino de Carvalho<br \/>\nNoturna<\/p>\n<p>Setor Sudoeste<br \/>\nPra\u00e7a C-8 ,C-12 com C-15<br \/>\nDiurna<\/p>\n<p>Vila Finsocial<br \/>\nRua VF-65 c\/rua VF-102<br \/>\nNoturna<\/p>\n<p>Vila Regina<br \/>\nR.S. Miguel ,c \/rua Monte Ol\u00edvia qd.27<br \/>\nNoturna<\/p>\n<p>Vila S\u00e3o Jos\u00e9<br \/>\nAv.Padre Wendel, entre qds.564 e 566<br \/>\nDiurna<\/p>\n<h1 class=\"dia-da-semana\">S\u00c1BADO<\/h1>\n<p>Bairro Goi\u00e1<br \/>\nAvenida Felipe Camar\u00e3o, entre qds 16 e 23,<br \/>\nNoturna.<\/p>\n<p>Cidade Jardim<br \/>\nAvenida Dom Emanuel,<br \/>\nDiurna.<\/p>\n<p>Setor Fama<br \/>\nAvenida Marechal Rondom com Rua 3, qd 11.<br \/>\nDiurna<\/p>\n<p>Cepal do Setor Sul<br \/>\nRua 115 com Avenida Fued Jos\u00e9 Seba.<br \/>\nDiurna<\/p>\n<p>Conj. Itatiaia<br \/>\nRua R- 11.<br \/>\nDiurna<\/p>\n<p>Finsocial<br \/>\nRua VF- 52.<br \/>\nDiurna<\/p>\n<p>Guanabara III<br \/>\nAvenida Goi\u00e2nia.<br \/>\nDiurna<\/p>\n<p>Jardim LAgeado<br \/>\nRua Hil\u00e1rio Sebasti\u00e3o.<br \/>\nDiurna<\/p>\n<p>Jardim Novo Mundo<br \/>\nRua Alegrete c\/ Rua Joinville, entre qds 38 e 45.<br \/>\nDiurna<\/p>\n<p>Jardim Am\u00e9rica<br \/>\nRua C- 143.<br \/>\nDiurna<br \/>\nJardim Pomp\u00e9ia:<br \/>\nRua Diamantina.<br \/>\nNoturna<\/p>\n<p>Novo Horizonte<br \/>\nAvenida Domiciano Peixoto.<br \/>\nDiurna<\/p>\n<p>Parque dos Buritis<br \/>\nRua Jo\u00e3o M.Qd 06.<br \/>\nDiurna<\/p>\n<p>Parque Industrial Jo\u00e3o Braz<br \/>\nAvenida Berlim com Rua Oriente.<br \/>\nDiurna<\/p>\n<p>Setor Progresso<br \/>\nAvenida Timbiras com Jo\u00e3o Damsceno.<br \/>\nNoturna<\/p>\n<p>Parque das Laranjeiras<br \/>\nRua C -2\u00aa.<br \/>\nDiurna<\/p>\n<p>Parque Santa Rita<br \/>\nAvenida Baba\u00e7u c\/ Avenida Am\u00e9rica do Brasil.<br \/>\nDiurna<\/p>\n<p>Setor Novo Planalto<br \/>\nRua da Divisa, qd. 89\/84.<br \/>\nNoturna<\/p>\n<p>Residencial Alphaville<br \/>\nRua Alfa -15.<br \/>\nNoturna<\/p>\n<p>S\u00e3o Francisco<br \/>\nRua Rocha Pombo, entre Qds 33 e 40.<br \/>\nNoturna<\/p>\n<p>Setor Bueno<br \/>\nRua T-49, com Av. T-1.<br \/>\nDiurna<\/p>\n<h1 class=\"dia-da-semana\">DOMINGO<\/h1>\n<p>Bairro da Vit\u00f3ria<br \/>\nAvenida Comercial.<br \/>\nDiurna<\/p>\n<p>Balne\u00e1rio Meia Ponte<br \/>\nAvenida Circular<br \/>\nDiurna<\/p>\n<p>Cepal Jardim Am\u00e9rica<br \/>\nPra\u00e7a C-108 entre a rua C-105, rua C-115 e Avenida C-1.<br \/>\nDiurna.<\/p>\n<p>Conj Vera Cruz I<br \/>\nAvenida Gercina Borges Teixeira com rua Heli\u00e9zer.<br \/>\nDiurna<\/p>\n<p>Conjunto Vera Cruz II<br \/>\nAv. Gercina Borges Teixeira.<br \/>\nDiurna<\/p>\n<p>Conjunto Riviera<br \/>\nAvenida Liberdade.<br \/>\nDiurna<\/p>\n<p>Jardim Guanabara<br \/>\nAv. Contorno, Qd 37-A.<br \/>\nDiurna<\/p>\n<p>Jardim Primavera<br \/>\nAv. Central c Rua JP.<br \/>\nDiurna<\/p>\n<p>Jardim Liberdade<br \/>\nRua Transversal.<br \/>\nDiurna<\/p>\n<p>Jardim Nova Esperan\u00e7a<br \/>\nAvenida Sol Nascente.<br \/>\nDiurna<\/p>\n<p>Setor Centro Oeste<br \/>\nRua P-25 c Rua 510 e 509 Qd 21.<br \/>\nDiurna<\/p>\n<p>Setor Palmito<br \/>\nAvenida Crist\u00f3v\u00e3o Colombo . Qds 212 e 213.<br \/>\nDiurna<\/p>\n<p>Setor Uni\u00e3o<br \/>\nRua U-55.<br \/>\nDiurna<\/p>\n<p>Setor \u00c1gua Branca<br \/>\nRua 11.<br \/>\nDiurna<\/p>\n<p>Setor Pedro Ludovico<br \/>\nPra\u00e7a Izid\u00f3ria de Almeida Barbosa.<br \/>\nDiurna<\/p>\n<p>Urias Magalh\u00e3es<br \/>\nAvenida Francisco Bbiano entre Av. Central, Qd 53.<br \/>\nDiurna<\/p>\n<p>Vila nova<br \/>\nAv. Nona Avenida entre 5\u00aa Avenida e rua 207<br \/>\nDiurna<\/p>\n<p>Vila Pedroso<br \/>\nRua 2 Qd. k.<br \/>\nDiurna<\/p>\n<p>Vila Reden\u00e7\u00e3o<br \/>\nPra\u00e7a do com\u00e9rcio, Qd. C-1<br \/>\nDiurna<\/p>\n<h1 class=\"dia-da-semana\">Feiras Especiais<\/h1>\n<h1 class=\"dia-da-semna\">Quarta \u2013feira<\/h1>\n<p>Setor Bueno<br \/>\nT-14,st.bueno,T-38<br \/>\n16 as 22h<\/p>\n<p>Feira Cidade Jardim<br \/>\nPra\u00e7a Abel Coimbra<\/p>\n<p>Estrelas<br \/>\nAv.Eng.Jos\u00e9 M.Filho Novo Horizonte<br \/>\n16 as 22h<\/p>\n<h1 class=\"dia-da-semana\">Quinta-feira<\/h1>\n<p>Setor Uni\u00e3o<br \/>\nRua U-55 c\/Av. dos Alpes<br \/>\n16 as 22h<\/p>\n<p>Cepal do Jardim Am\u00e9rica<br \/>\nPra\u00e7a C-108 Cepal do Jd.Am\u00e9rica<br \/>\n16 as 22h<\/p>\n<h1 class=\"dia-da-semana\">Sexta-feira<\/h1>\n<p>Requinte<br \/>\nVila Cana\u00e3<br \/>\n16 as 22h<\/p>\n<p>Do Amor<br \/>\nAl.Mois\u00e9s Santana ,Vila Reden\u00e7\u00e3o<br \/>\n16 as 22h<\/p>\n<p>Entardecer<br \/>\nRua 115 Cepal St. Sul<br \/>\n16 as 22h<\/p>\n<p>Monte Cristo S\u00e3o Jos\u00e9<br \/>\nAv. Dom Eduardo<br \/>\nPra\u00e7a S. Redentor<br \/>\n16 as 22h<\/p>\n<p>Jacar\u00e9<br \/>\nPra\u00e7a Dom Prud\u00eancio<\/p>\n<p>Girass\u00f3is<br \/>\nAv. Circular St.Pedro Ludovico<br \/>\n16 as 22h<\/p>\n<h1 class=\"dia-da-semana\">S\u00e1bado<\/h1>\n<p>Vila Nova<br \/>\nAv. Cel. Cosme \/R.208 e Av.A<br \/>\n16 as 22h<\/p>\n<p>Lua<br \/>\nPra\u00e7a Tamandar\u00e9<br \/>\n16 as 22h<\/p>\n<p>Parque Amaz\u00f4nia<br \/>\nPra\u00e7a Sen. J. Rodrigues , Pq. Amaz\u00f4nia<br \/>\n16 as 22h<\/p>\n<p>Conjunto Riviera (Feira das Rosas)<br \/>\nAv.Liberdade ,Conj.Riviera<br \/>\n16 as 22h.<\/p>\n<p>Vera Cruz I (Dos Namorados)<br \/>\nAv. Gercina B. ,Teixeira Vera Cruz I<br \/>\n16 as 22h<\/p>\n<p>Doce (Cora Coralina)<br \/>\nRua 8 (do lazer)<br \/>\n8 as 14h<\/p>\n<h1 class=\"dia-da-semana\">Domingo<\/h1>\n<p>Hippie<br \/>\nPra\u00e7a do Trabalhador<br \/>\n7 as 14h<\/p>\n<p>Nuvens<br \/>\nAv. Perimetral st. Coimbra<br \/>\n16 as 22h<\/p>\n<p>Sol<br \/>\nPra\u00e7a do Sol<br \/>\n16 as 22h<br \/>\nSt.Universit\u00e1rio<br \/>\nPra\u00e7a Universit\u00e1ria<br \/>\n16 as 22h<\/p>\n<p>Setor Sudoeste(Feira da Fam\u00edlia)<br \/>\nPra\u00e7a C-08 c \/rua C-69<br \/>\n16 as 22h<\/p>\n<p>Parque das Laranjeiras<br \/>\nParque das Laranjeiras<br \/>\n16 as 22h<\/p>\n<p>Mercado Aberto<br \/>\nAv.Parana\u00edba<br \/>\n2\u00ba a S\u00e1bado<br \/>\n9 as 18h<\/p>\n<p><!--more--><\/p>\n","protected":false},"excerpt":{"rendered":"<p>SEGUNDA-FEIRA Setor Fama Rua 27,qds.10 e 11 ,esq.c\/ Rua 3 Diurna TER\u00c7A-FEIRA Bela Vista Av.Bela Vista ,em frente \u00e1 Qd.I Noturna Castelo Branco Rua 55,entre Qds.10 e 13 Diurna Cepal Vila Abaj\u00e1 Rua Benjamim Constant ,esq.c \/R.5 e Marginal Sul Diurna Conjunto Riviera Av.da Liberdade com rua 14 Diurna Dom Bosco Rua 29 ,esq.c\/R. 1 [&hellip;]<\/p>\n","protected":false},"author":1,"featured_media":0,"parent":0,"menu_order":0,"comment_status":"open","ping_status":"open","template":"","meta":[],"_links":{"self":[{"href":"https:\/\/www.frutadovale.com.br\/2013\/wp-json\/wp\/v2\/pages\/9"}],"collection":[{"href":"https:\/\/www.frutadovale.com.br\/2013\/wp-json\/wp\/v2\/pages"}],"about":[{"href":"https:\/\/www.frutadovale.com.br\/2013\/wp-json\/wp\/v2\/types\/page"}],"author":[{"embeddable":true,"href":"https:\/\/www.frutadovale.com.br\/2013\/wp-json\/wp\/v2\/users\/1"}],"replies":[{"embeddable":true,"href":"https:\/\/www.frutadovale.com.br\/2013\/wp-json\/wp\/v2\/comments?post=9"}],"version-history":[{"count":13,"href":"https:\/\/www.frutadovale.com.br\/2013\/wp-json\/wp\/v2\/pages\/9\/revisions"}],"predecessor-version":[{"id":125,"href":"https:\/\/www.frutadovale.com.br\/2013\/wp-json\/wp\/v2\/pages\/9\/revisions\/125"}],"wp:attachment":[{"href":"https:\/\/www.frutadovale.com.br\/2013\/wp-json\/wp\/v2\/media?parent=9"}],"curies":[{"name":"wp","href":"https:\/\/api.w.org\/{rel}","templated":true}]}}